{"id":8057,"date":"2021-11-23T17:22:11","date_gmt":"2021-11-23T16:22:11","guid":{"rendered":"http:\/\/webutex.info\/ueber-uns\/karriere\/veranstaltungen\/"},"modified":"2021-11-23T17:22:11","modified_gmt":"2021-11-23T16:22:11","slug":"veranstaltungen","status":"publish","type":"page","link":"https:\/\/webutex.info\/en\/about-webutex\/karriere\/veranstaltungen\/","title":{"rendered":"Veranstaltungen"},"content":{"rendered":"[vc_row type=&#8221;full_width_background&#8221; full_screen_row_position=&#8221;middle&#8221; column_margin=&#8221;default&#8221; column_direction=&#8221;default&#8221; column_direction_tablet=&#8221;default&#8221; column_direction_phone=&#8221;default&#8221; bg_color=&#8221;#EBEBE6&#8243; scene_position=&#8221;center&#8221; top_padding=&#8221;100px&#8221; bottom_padding=&#8221;100px&#8221; top_padding_phone=&#8221;50px&#8221; bottom_padding_phone=&#8221;50px&#8221; text_color=&#8221;dark&#8221; text_align=&#8221;left&#8221; row_border_radius=&#8221;none&#8221; row_border_radius_applies=&#8221;bg&#8221; overlay_strength=&#8221;0.3&#8243; gradient_direction=&#8221;left_to_right&#8221; shape_divider_position=&#8221;bottom&#8221; bg_image_animation=&#8221;none&#8221; shape_type=&#8221;&#8221;][vc_column column_padding=&#8221;no-extra-padding&#8221; column_padding_tablet=&#8221;inherit&#8221; column_padding_phone=&#8221;inherit&#8221; column_padding_position=&#8221;all&#8221; background_color_opacity=&#8221;1&#8243; background_hover_color_opacity=&#8221;1&#8243; column_shadow=&#8221;none&#8221; column_border_radius=&#8221;none&#8221; column_link_target=&#8221;_self&#8221; gradient_direction=&#8221;left_to_right&#8221; overlay_strength=&#8221;0.3&#8243; width=&#8221;1\/1&#8243; tablet_width_inherit=&#8221;default&#8221; tablet_text_alignment=&#8221;default&#8221; phone_text_alignment=&#8221;default&#8221; column_border_width=&#8221;none&#8221; column_border_style=&#8221;solid&#8221; bg_image_animation=&#8221;none&#8221;][vc_column_text css=&#8221;.vc_custom_1637684527840{margin-bottom: 30px !important;}&#8221;]\n<h1 style=\"text-align: center;\">Veranstaltungen f\u00fcr Sch\u00fcler<\/h1>\n[\/vc_column_text][vc_column_text]        <!-- Slider main container -->\n    <div class=\"stellenangebote_ausbildung_veranstaltungen_grid veranstaltungenGrid\">\n            \n                       <div>\n                    <b>AZUBI online \u2013 Ausbildungsmesse 2021<\/b>  \n                    [vc_row type=&#8221;in_container&#8221; full_screen_row_position=&#8221;middle&#8221; column_margin=&#8221;default&#8221; column_direction=&#8221;default&#8221; column_direction_tablet=&#8221;default&#8221; column_direction_phone=&#8221;default&#8221; scene_position=&#8221;center&#8221; text_color=&#8221;dark&#8221; text_align=&#8221;left&#8221; row_border_radius=&#8221;none&#8221; row_border_radius_applies=&#8221;bg&#8221; overlay_strength=&#8221;0.3&#8243; gradient_direction=&#8221;left_to_right&#8221; shape_divider_position=&#8221;bottom&#8221; bg_image_animation=&#8221;none&#8221;][vc_column column_padding=&#8221;no-extra-padding&#8221; column_padding_tablet=&#8221;inherit&#8221; column_padding_phone=&#8221;inherit&#8221; column_padding_position=&#8221;all&#8221; background_color_opacity=&#8221;1&#8243; background_hover_color_opacity=&#8221;1&#8243; column_shadow=&#8221;none&#8221; column_border_radius=&#8221;none&#8221; column_link_target=&#8221;_self&#8221; gradient_direction=&#8221;left_to_right&#8221; overlay_strength=&#8221;0.3&#8243; width=&#8221;1\/1&#8243; tablet_width_inherit=&#8221;default&#8221; tablet_text_alignment=&#8221;default&#8221; phone_text_alignment=&#8221;default&#8221; column_border_width=&#8221;none&#8221; column_border_style=&#8221;solid&#8221; bg_image_animation=&#8221;none&#8221;][vc_column_text]Jedes Jahr besuchen \u00fcber 1.500 Sch\u00fcler und Eltern die Messe im Landkreis Cham. \u00dcber 90 Ausbildungsbetriebe und Berufsausbildungsschulen aus den Bereichen Handwerk, Dienstleistung, Handel und Industrie stellen sich jedes Jahr vor.<\/p>\n<p><strong>Termin: 12. \u2013 18.04.2021<\/strong><\/p>\n<p><strong>Ort:<\/strong> <a href=\"http:\/\/www.messe-cham.de\" target=\"_blank\" rel=\"noopener\">www.messe-cham.de<\/a>[\/vc_column_text][\/vc_column][\/vc_row]\n     \n                <\/div>\n                            <div>\n                    <b>Girls\u00b4Day 2021 \u2013 Lernen von den Besten<\/b>  \n                    [vc_row type=&#8221;in_container&#8221; full_screen_row_position=&#8221;middle&#8221; column_margin=&#8221;default&#8221; column_direction=&#8221;default&#8221; column_direction_tablet=&#8221;default&#8221; column_direction_phone=&#8221;default&#8221; scene_position=&#8221;center&#8221; text_color=&#8221;dark&#8221; text_align=&#8221;left&#8221; row_border_radius=&#8221;none&#8221; row_border_radius_applies=&#8221;bg&#8221; overlay_strength=&#8221;0.3&#8243; gradient_direction=&#8221;left_to_right&#8221; shape_divider_position=&#8221;bottom&#8221; bg_image_animation=&#8221;none&#8221;][vc_column column_padding=&#8221;no-extra-padding&#8221; column_padding_tablet=&#8221;inherit&#8221; column_padding_phone=&#8221;inherit&#8221; column_padding_position=&#8221;all&#8221; background_color_opacity=&#8221;1&#8243; background_hover_color_opacity=&#8221;1&#8243; column_shadow=&#8221;none&#8221; column_border_radius=&#8221;none&#8221; column_link_target=&#8221;_self&#8221; gradient_direction=&#8221;left_to_right&#8221; overlay_strength=&#8221;0.3&#8243; width=&#8221;1\/1&#8243; tablet_width_inherit=&#8221;default&#8221; tablet_text_alignment=&#8221;default&#8221; phone_text_alignment=&#8221;default&#8221; column_border_width=&#8221;none&#8221; column_border_style=&#8221;solid&#8221; bg_image_animation=&#8221;none&#8221;][vc_column_text]Jedes Jahr haben M\u00e4dchen der 8. und 9. Klasse die M\u00f6glichkeit, beim Girls-Day Einblicke in gewerblich\/technische Berufe wie z.B. Zerspanungsmechaniker Fr\u00e4s- und Drehtechnik zu gewinnen.\u00a0Bei Interesse sende bitte eine Mail an karriere@webutex.com<\/p>\n<p><strong>Termin: Donnerstag, 22.04.2021<\/strong><\/p>\n<p><strong>Ort:<\/strong> Standort Industriepark Altenkreith, Turonstra\u00dfe 15, 93426 Roding[\/vc_column_text][\/vc_column][\/vc_row]\n     \n                <\/div>\n                            <div>\n                    <b>Berufswahltage 2022<\/b>  \n                    [vc_row type=&#8221;in_container&#8221; full_screen_row_position=&#8221;middle&#8221; column_margin=&#8221;default&#8221; column_direction=&#8221;default&#8221; column_direction_tablet=&#8221;default&#8221; column_direction_phone=&#8221;default&#8221; scene_position=&#8221;center&#8221; text_color=&#8221;dark&#8221; text_align=&#8221;left&#8221; row_border_radius=&#8221;none&#8221; row_border_radius_applies=&#8221;bg&#8221; overlay_strength=&#8221;0.3&#8243; gradient_direction=&#8221;left_to_right&#8221; shape_divider_position=&#8221;bottom&#8221; bg_image_animation=&#8221;none&#8221;][vc_column column_padding=&#8221;no-extra-padding&#8221; column_padding_tablet=&#8221;inherit&#8221; column_padding_phone=&#8221;inherit&#8221; column_padding_position=&#8221;all&#8221; background_color_opacity=&#8221;1&#8243; background_hover_color_opacity=&#8221;1&#8243; column_shadow=&#8221;none&#8221; column_border_radius=&#8221;none&#8221; column_link_target=&#8221;_self&#8221; gradient_direction=&#8221;left_to_right&#8221; overlay_strength=&#8221;0.3&#8243; width=&#8221;1\/1&#8243; tablet_width_inherit=&#8221;default&#8221; tablet_text_alignment=&#8221;default&#8221; phone_text_alignment=&#8221;default&#8221; column_border_width=&#8221;none&#8221; column_border_style=&#8221;solid&#8221; bg_image_animation=&#8221;none&#8221;][vc_column_text]Wir pr\u00e4sentieren unser Unternehmen und stellen die von uns angebotenen Berufsausbildungen vor.<\/p>\n<p><strong>Termin f\u00fcr 2022 wird noch bekannt gegeben.<\/strong>[\/vc_column_text][\/vc_column][\/vc_row]\n     \n                <\/div>\n                            <div>\n                    <b>Sch\u00fclerpraktikum<\/b>  \n                    [vc_row type=&#8221;in_container&#8221; full_screen_row_position=&#8221;middle&#8221; column_margin=&#8221;default&#8221; column_direction=&#8221;default&#8221; column_direction_tablet=&#8221;default&#8221; column_direction_phone=&#8221;default&#8221; scene_position=&#8221;center&#8221; text_color=&#8221;dark&#8221; text_align=&#8221;left&#8221; row_border_radius=&#8221;none&#8221; row_border_radius_applies=&#8221;bg&#8221; overlay_strength=&#8221;0.3&#8243; gradient_direction=&#8221;left_to_right&#8221; shape_divider_position=&#8221;bottom&#8221; bg_image_animation=&#8221;none&#8221;][vc_column column_padding=&#8221;no-extra-padding&#8221; column_padding_tablet=&#8221;inherit&#8221; column_padding_phone=&#8221;inherit&#8221; column_padding_position=&#8221;all&#8221; background_color_opacity=&#8221;1&#8243; background_hover_color_opacity=&#8221;1&#8243; column_shadow=&#8221;none&#8221; column_border_radius=&#8221;none&#8221; column_link_target=&#8221;_self&#8221; gradient_direction=&#8221;left_to_right&#8221; overlay_strength=&#8221;0.3&#8243; width=&#8221;1\/1&#8243; tablet_width_inherit=&#8221;default&#8221; tablet_text_alignment=&#8221;default&#8221; phone_text_alignment=&#8221;default&#8221; column_border_width=&#8221;none&#8221; column_border_style=&#8221;solid&#8221; bg_image_animation=&#8221;none&#8221;][vc_column_text]<strong>Termin: nach Vereinbarung<\/strong><\/p>\n<p><strong>Ort:<\/strong> Standort Industriepark Altenkreith, Turonstra\u00dfe 15, 93426 Roding[\/vc_column_text][\/vc_column][\/vc_row]\n     \n                <\/div>\n                        \n    <\/div>\n        \n        [\/vc_column_text][\/vc_column][\/vc_row]\n","protected":false},"excerpt":{"rendered":"<p>[vc_row type=&#8221;full_width_background&#8221; full_screen_row_position=&#8221;middle&#8221; column_margin=&#8221;default&#8221; column_direction=&#8221;default&#8221; column_direction_tablet=&#8221;default&#8221; column_direction_phone=&#8221;default&#8221; bg_color=&#8221;#EBEBE6&#8243; scene_position=&#8221;center&#8221; top_padding=&#8221;100px&#8221; bottom_padding=&#8221;100px&#8221; top_padding_phone=&#8221;50px&#8221; bottom_padding_phone=&#8221;50px&#8221; text_color=&#8221;dark&#8221; text_align=&#8221;left&#8221; row_border_radius=&#8221;none&#8221; row_border_radius_applies=&#8221;bg&#8221; overlay_strength=&#8221;0.3&#8243; gradient_direction=&#8221;left_to_right&#8221; shape_divider_position=&#8221;bottom&#8221; bg_image_animation=&#8221;none&#8221; shape_type=&#8221;&#8221;][vc_column column_padding=&#8221;no-extra-padding&#8221; column_padding_tablet=&#8221;inherit&#8221; column_padding_phone=&#8221;inherit&#8221; column_padding_position=&#8221;all&#8221; background_color_opacity=&#8221;1&#8243; background_hover_color_opacity=&#8221;1&#8243; column_shadow=&#8221;none&#8221; column_border_radius=&#8221;none&#8221;&#8230;<\/p>\n","protected":false},"author":1,"featured_media":0,"parent":8053,"menu_order":0,"comment_status":"closed","ping_status":"closed","template":"","meta":{"_acf_changed":false,"inline_featured_image":false,"footnotes":""},"class_list":["post-8057","page","type-page","status-publish"],"acf":[],"yoast_head":"<!-- This site is optimized with the Yoast SEO plugin v25.5 - https:\/\/yoast.com\/wordpress\/plugins\/seo\/ -->\n<title>Veranstaltungen - Webutex<\/title>\n<meta name=\"robots\" content=\"index, follow, max-snippet:-1, max-image-preview:large, max-video-preview:-1\" \/>\n<link rel=\"canonical\" href=\"https:\/\/webutex.info\/en\/about-webutex\/karriere\/veranstaltungen\/\" \/>\n<meta property=\"og:locale\" content=\"en_GB\" \/>\n<meta property=\"og:type\" content=\"article\" \/>\n<meta property=\"og:title\" content=\"Veranstaltungen - Webutex\" \/>\n<meta property=\"og:description\" content=\"[vc_row type=&#8221;full_width_background&#8221; full_screen_row_position=&#8221;middle&#8221; column_margin=&#8221;default&#8221; column_direction=&#8221;default&#8221; column_direction_tablet=&#8221;default&#8221; column_direction_phone=&#8221;default&#8221; bg_color=&#8221;#EBEBE6&#8243; scene_position=&#8221;center&#8221; top_padding=&#8221;100px&#8221; bottom_padding=&#8221;100px&#8221; top_padding_phone=&#8221;50px&#8221; bottom_padding_phone=&#8221;50px&#8221; text_color=&#8221;dark&#8221; text_align=&#8221;left&#8221; row_border_radius=&#8221;none&#8221; row_border_radius_applies=&#8221;bg&#8221; overlay_strength=&#8221;0.3&#8243; gradient_direction=&#8221;left_to_right&#8221; shape_divider_position=&#8221;bottom&#8221; bg_image_animation=&#8221;none&#8221; shape_type=&#8221;&#8221;][vc_column column_padding=&#8221;no-extra-padding&#8221; column_padding_tablet=&#8221;inherit&#8221; column_padding_phone=&#8221;inherit&#8221; column_padding_position=&#8221;all&#8221; background_color_opacity=&#8221;1&#8243; background_hover_color_opacity=&#8221;1&#8243; column_shadow=&#8221;none&#8221; column_border_radius=&#8221;none&#8221;...\" \/>\n<meta property=\"og:url\" content=\"https:\/\/webutex.info\/en\/about-webutex\/karriere\/veranstaltungen\/\" \/>\n<meta property=\"og:site_name\" content=\"Webutex\" \/>\n<meta property=\"og:image\" content=\"https:\/\/webutex.info\/wp-content\/uploads\/2022\/03\/og.jpg\" \/>\n\t<meta property=\"og:image:width\" content=\"1200\" \/>\n\t<meta property=\"og:image:height\" content=\"630\" \/>\n\t<meta property=\"og:image:type\" content=\"image\/jpeg\" \/>\n<meta name=\"twitter:card\" content=\"summary_large_image\" \/>\n<meta name=\"twitter:label1\" content=\"Estimated reading time\" \/>\n\t<meta name=\"twitter:data1\" content=\"1 minute\" \/>\n<script type=\"application\/ld+json\" class=\"yoast-schema-graph\">{\"@context\":\"https:\/\/schema.org\",\"@graph\":[{\"@type\":\"WebPage\",\"@id\":\"https:\/\/webutex.info\/en\/about-webutex\/karriere\/veranstaltungen\/\",\"url\":\"https:\/\/webutex.info\/en\/about-webutex\/karriere\/veranstaltungen\/\",\"name\":\"Veranstaltungen - Webutex\",\"isPartOf\":{\"@id\":\"https:\/\/webutex.info\/en\/#website\"},\"datePublished\":\"2021-11-23T16:22:11+00:00\",\"breadcrumb\":{\"@id\":\"https:\/\/webutex.info\/en\/about-webutex\/karriere\/veranstaltungen\/#breadcrumb\"},\"inLanguage\":\"en-GB\",\"potentialAction\":[{\"@type\":\"ReadAction\",\"target\":[\"https:\/\/webutex.info\/en\/about-webutex\/karriere\/veranstaltungen\/\"]}]},{\"@type\":\"BreadcrumbList\",\"@id\":\"https:\/\/webutex.info\/en\/about-webutex\/karriere\/veranstaltungen\/#breadcrumb\",\"itemListElement\":[{\"@type\":\"ListItem\",\"position\":1,\"name\":\"Home\",\"item\":\"https:\/\/webutex.info\/en\/\"},{\"@type\":\"ListItem\",\"position\":2,\"name\":\"About WeButex\",\"item\":\"https:\/\/webutex.info\/en\/about-webutex\/\"},{\"@type\":\"ListItem\",\"position\":3,\"name\":\"Karriere\",\"item\":\"https:\/\/webutex.info\/en\/about-webutex\/karriere\/\"},{\"@type\":\"ListItem\",\"position\":4,\"name\":\"Veranstaltungen\"}]},{\"@type\":\"WebSite\",\"@id\":\"https:\/\/webutex.info\/en\/#website\",\"url\":\"https:\/\/webutex.info\/en\/\",\"name\":\"Webutex\",\"description\":\"\",\"potentialAction\":[{\"@type\":\"SearchAction\",\"target\":{\"@type\":\"EntryPoint\",\"urlTemplate\":\"https:\/\/webutex.info\/en\/?s={search_term_string}\"},\"query-input\":{\"@type\":\"PropertyValueSpecification\",\"valueRequired\":true,\"valueName\":\"search_term_string\"}}],\"inLanguage\":\"en-GB\"}]}<\/script>\n<!-- \/ Yoast SEO plugin. -->","yoast_head_json":{"title":"Veranstaltungen - Webutex","robots":{"index":"index","follow":"follow","max-snippet":"max-snippet:-1","max-image-preview":"max-image-preview:large","max-video-preview":"max-video-preview:-1"},"canonical":"https:\/\/webutex.info\/en\/about-webutex\/karriere\/veranstaltungen\/","og_locale":"en_GB","og_type":"article","og_title":"Veranstaltungen - Webutex","og_description":"[vc_row type=&#8221;full_width_background&#8221; full_screen_row_position=&#8221;middle&#8221; column_margin=&#8221;default&#8221; column_direction=&#8221;default&#8221; column_direction_tablet=&#8221;default&#8221; column_direction_phone=&#8221;default&#8221; bg_color=&#8221;#EBEBE6&#8243; scene_position=&#8221;center&#8221; top_padding=&#8221;100px&#8221; bottom_padding=&#8221;100px&#8221; top_padding_phone=&#8221;50px&#8221; bottom_padding_phone=&#8221;50px&#8221; text_color=&#8221;dark&#8221; text_align=&#8221;left&#8221; row_border_radius=&#8221;none&#8221; row_border_radius_applies=&#8221;bg&#8221; overlay_strength=&#8221;0.3&#8243; gradient_direction=&#8221;left_to_right&#8221; shape_divider_position=&#8221;bottom&#8221; bg_image_animation=&#8221;none&#8221; shape_type=&#8221;&#8221;][vc_column column_padding=&#8221;no-extra-padding&#8221; column_padding_tablet=&#8221;inherit&#8221; column_padding_phone=&#8221;inherit&#8221; column_padding_position=&#8221;all&#8221; background_color_opacity=&#8221;1&#8243; background_hover_color_opacity=&#8221;1&#8243; column_shadow=&#8221;none&#8221; column_border_radius=&#8221;none&#8221;...","og_url":"https:\/\/webutex.info\/en\/about-webutex\/karriere\/veranstaltungen\/","og_site_name":"Webutex","og_image":[{"width":1200,"height":630,"url":"https:\/\/webutex.info\/wp-content\/uploads\/2022\/03\/og.jpg","type":"image\/jpeg"}],"twitter_card":"summary_large_image","twitter_misc":{"Estimated reading time":"1 minute"},"schema":{"@context":"https:\/\/schema.org","@graph":[{"@type":"WebPage","@id":"https:\/\/webutex.info\/en\/about-webutex\/karriere\/veranstaltungen\/","url":"https:\/\/webutex.info\/en\/about-webutex\/karriere\/veranstaltungen\/","name":"Veranstaltungen - Webutex","isPartOf":{"@id":"https:\/\/webutex.info\/en\/#website"},"datePublished":"2021-11-23T16:22:11+00:00","breadcrumb":{"@id":"https:\/\/webutex.info\/en\/about-webutex\/karriere\/veranstaltungen\/#breadcrumb"},"inLanguage":"en-GB","potentialAction":[{"@type":"ReadAction","target":["https:\/\/webutex.info\/en\/about-webutex\/karriere\/veranstaltungen\/"]}]},{"@type":"BreadcrumbList","@id":"https:\/\/webutex.info\/en\/about-webutex\/karriere\/veranstaltungen\/#breadcrumb","itemListElement":[{"@type":"ListItem","position":1,"name":"Home","item":"https:\/\/webutex.info\/en\/"},{"@type":"ListItem","position":2,"name":"About WeButex","item":"https:\/\/webutex.info\/en\/about-webutex\/"},{"@type":"ListItem","position":3,"name":"Karriere","item":"https:\/\/webutex.info\/en\/about-webutex\/karriere\/"},{"@type":"ListItem","position":4,"name":"Veranstaltungen"}]},{"@type":"WebSite","@id":"https:\/\/webutex.info\/en\/#website","url":"https:\/\/webutex.info\/en\/","name":"Webutex","description":"","potentialAction":[{"@type":"SearchAction","target":{"@type":"EntryPoint","urlTemplate":"https:\/\/webutex.info\/en\/?s={search_term_string}"},"query-input":{"@type":"PropertyValueSpecification","valueRequired":true,"valueName":"search_term_string"}}],"inLanguage":"en-GB"}]}},"_links":{"self":[{"href":"https:\/\/webutex.info\/en\/wp-json\/wp\/v2\/pages\/8057","targetHints":{"allow":["GET"]}}],"collection":[{"href":"https:\/\/webutex.info\/en\/wp-json\/wp\/v2\/pages"}],"about":[{"href":"https:\/\/webutex.info\/en\/wp-json\/wp\/v2\/types\/page"}],"author":[{"embeddable":true,"href":"https:\/\/webutex.info\/en\/wp-json\/wp\/v2\/users\/1"}],"replies":[{"embeddable":true,"href":"https:\/\/webutex.info\/en\/wp-json\/wp\/v2\/comments?post=8057"}],"version-history":[{"count":0,"href":"https:\/\/webutex.info\/en\/wp-json\/wp\/v2\/pages\/8057\/revisions"}],"up":[{"embeddable":true,"href":"https:\/\/webutex.info\/en\/wp-json\/wp\/v2\/pages\/8053"}],"wp:attachment":[{"href":"https:\/\/webutex.info\/en\/wp-json\/wp\/v2\/media?parent=8057"}],"curies":[{"name":"wp","href":"https:\/\/api.w.org\/{rel}","templated":true}]}}